{"id":15,"date":"2024-04-13T15:44:13","date_gmt":"2024-04-13T13:44:13","guid":{"rendered":"https:\/\/equilibreencorps.com\/?page_id=15"},"modified":"2025-10-09T22:43:15","modified_gmt":"2025-10-09T20:43:15","slug":"activites-physiques-adaptees-apa-presentation-activites-publics-partenaires","status":"publish","type":"page","link":"https:\/\/equilibreencorps.com\/index.php\/activites-physiques-adaptees-apa-presentation-activites-publics-partenaires\/","title":{"rendered":"Activit\u00e9s Physiques Adapt\u00e9es"},"content":{"rendered":"<h1 style=\"text-align: center;\"><strong><em><u>Les Activit\u00e9s Physiques Adapt\u00e9es Sant\u00e9 APAS<\/u><\/em><\/strong><img loading=\"lazy\" decoding=\"async\" class=\"size-medium wp-image-402 aligncenter\" src=\"https:\/\/equilibreencorps.com\/wp-content\/uploads\/2024\/04\/logo-APA-logo-ok2-equilibre-en-corps-1_page-0001-180x300.jpg\" alt=\"\" width=\"180\" height=\"300\" srcset=\"https:\/\/equilibreencorps.com\/wp-content\/uploads\/2024\/04\/logo-APA-logo-ok2-equilibre-en-corps-1_page-0001-180x300.jpg 180w, https:\/\/equilibreencorps.com\/wp-content\/uploads\/2024\/04\/logo-APA-logo-ok2-equilibre-en-corps-1_page-0001.jpg 450w\" sizes=\"auto, (max-width: 180px) 100vw, 180px\" \/><\/h1>\n<h1 style=\"text-align: left;\"><strong><em><u>Pr\u00e9sentation des APAS<\/u><\/em><\/strong><\/h1>\n<h4>Les Activit\u00e9s Physiques Adapt\u00e9es Sant\u00e9 sont un <strong>pr\u00e9texte<\/strong> pour atteindre des <strong>objectifs de sant\u00e9 au quotidien<\/strong> souvent <strong>fix\u00e9s par un m\u00e9decin<\/strong> (l&rsquo;\u00e9quilibre, le sch\u00e9ma de marche, l&rsquo;endurance, la force musculaire, la sociabilisation&#8230;)<\/h4>\n<p>Pratiquer des APAS, c&rsquo;est :<\/p>\n<ul>\n<li>Se familiariser avec des <strong>exercices appropri\u00e9s<\/strong> \u00e0 sa propre probl\u00e9matique, \u00e0 sa capacit\u00e9 motrice, intellectuelle et corporelle propre \u00e0 chacun afin de retrouver <strong>un \u00e9panouissement et des sensations<\/strong> dans son corps.<\/li>\n<li>R<em>emettre en douceur<\/em> <strong>du mouvement dans son corps<\/strong> sur le r\u00e9\u00e9quilibrage du corps suite \u00e0 une op\u00e9ration, une maladie, un handicap, \u00e0 un passage en r\u00e9\u00e9ducation&#8230;<\/li>\n<li>Recr\u00e9er de nouvelles habitudes, une nouvelle <strong>hygi\u00e8ne de vie pour plus de confort.<\/strong><\/li>\n<li>B\u00e9n\u00e9ficier de <strong>conseils personnalis\u00e9s<\/strong> en lien avec la probl\u00e9matique cibl\u00e9e.<\/li>\n<li>Faire des rencontres et (re)<strong>cr\u00e9er du lien social<\/strong> tout en partageant des <strong>moments d&rsquo;\u00e9changes<\/strong> dans la <strong>bonne humeur<\/strong> et le <strong>respect de soi et de l&rsquo;Autre<\/strong>.<\/li>\n<\/ul>\n<p>&nbsp;<\/p>\n<p><em><strong>Les probl\u00e9matiques cibl\u00e9es ?<\/strong><\/em><\/p>\n<p>Toutes pathologies : Ob\u00e9sit\u00e9, Post-AVC, post-op\u00e9ratoire (dos, genou, hanche, \u00e9paule\u2026), handicap physique ou mental, douleurs chroniques multiples (TMS) \u2026.<\/p>\n<p>&nbsp;<\/p>\n<p style=\"text-align: center;\"><img decoding=\"async\" src=\"https:\/\/equilibreencorps.com\/wp-content\/uploads\/2025\/05\/logo_prescrimouv-1658406901.png\" \/><\/p>\n<h1 style=\"text-align: left;\"><em><strong>Le dispositif Prescri\u2019mouv<\/strong><\/em><\/h1>\n<p>Le dispositif r\u00e9gional\u00a0<strong>Prescri&rsquo;Mouv<\/strong> a pour objectif d\u2019am\u00e9liorer la sant\u00e9 et la condition physique gr\u00e2ce \u00e0 la pratique d\u2019une activit\u00e9 physique adapt\u00e9e chez les <em><strong>personnes adultes<\/strong><\/em><strong> atteints d\u2019affection de longue dur\u00e9e, d\u2019ob\u00e9sit\u00e9, de trouble musculo-squel\u00e9tique ou de post-covid long<\/strong> .<\/p>\n<p>Ce dispositif permet aux individus atteints de pathologies justifiant une ALD (liste et prescription t\u00e9l\u00e9chargeable en ligne sur le site www.prescrimouv-grandest.fr), de pouvoir b\u00e9n\u00e9ficier de 12 s\u00e9ances d&rsquo;APA ainsi que 2 bilans (d\u00e9but et fin de protocole)<em><strong> totalement financ\u00e9s par l&rsquo;Agence R\u00e9gionale de la Sant\u00e9.<\/strong><\/em><span style=\"text-align: center;\">\u00a0 \u00a0 \u00a0 \u00a0 \u00a0 \u00a0 \u00a0 \u00a0 \u00a0 \u00a0 \u00a0 \u00a0 \u00a0 \u00a0 \u00a0 \u00a0 \u00a0 \u00a0 \u00a0 \u00a0 \u00a0 \u00a0 \u00a0 \u00a0 \u00a0 \u00a0 \u00a0 \u00a0 \u00a0 \u00a0 \u00a0 \u00a0 \u00a0 \u00a0 \u00a0 \u00a0 \u00a0 <\/span><\/p>\n<p style=\"text-align: center;\"><span style=\"text-align: center;\">\u00a0 \u00a0<\/span><a href=\"http:\/\/www.prescrimouv-grandest.fr\"><img loading=\"lazy\" decoding=\"async\" class=\"\" style=\"text-align: center;\" src=\"https:\/\/www.grand-est.ars.sante.fr\/system\/files\/styles\/logo\/private\/2022-07\/logo-GE-113-194.png?itok=f2JszZhf\" alt=\"Agence r\u00e9gionale de sant\u00e9 Grand Est\" width=\"142\" height=\"83\" \/><\/a><\/p>\n<p>Cela incite et accompagne les personnes concern\u00e9es \u00e0 am\u00e9liorer leur hygi\u00e8ne de vie, et \u00e0 s&rsquo;autonomiser dans leur mise en action au quotidien afin de la rendre p\u00e9renne.<\/p>\n<p>Chez ces clients, l\u2019activit\u00e9 physique a des bienfaits d\u00e9montr\u00e9s : elle pr\u00e9vient les complications, r\u00e9duit le nombre d\u2019hospitalisations et les co\u00fbts de prise en charge, voire permet de diminuer la prise de m\u00e9dicaments.<\/p>\n<h3><strong>Bonne nouvelle !<\/strong> vous avez la possibilit\u00e9 de b\u00e9n\u00e9ficier du <em><strong>dispositif Prescri&rsquo;mouv au sein de notre structure !<\/strong><\/em><\/h3>\n<p><em><strong>Quelle est la proc\u00e9dure \u00e0 suivre ?<\/strong><\/em><\/p>\n<ol>\n<li>Si vous souhaitez b\u00e9n\u00e9ficier du dispositif, parlez-en \u00e0 votre m\u00e9decin ; <a href=\"https:\/\/www.prescrimouv-grandest.fr\/\">https:\/\/www.prescrimouv-grandest.fr\/<\/a><\/li>\n<li>Vous contactez le num\u00e9ro unique en Grand\u2011Est\u00a0<a href=\"tel:0352626437\">03.52.62.64.37<\/a>\u00a0;<\/li>\n<li>Vous r\u00e9alisez ensuite un bilan m\u00e9dico-sportif avec un professionnel de l\u2019activit\u00e9 physique adapt\u00e9e qui vous accompagnera sur le parcours le plus adapt\u00e9, et notamment Aline Contaux.<\/li>\n<li>Apr\u00e8s ce bilan, 4 cr\u00e9neaux labellis\u00e9s sont possibles \u00e0 Verdun ou Damvillers par Equilibre en Corps.<\/li>\n<\/ol>\n<div><\/div>\n<p>&nbsp;<\/p>\n<h1 style=\"text-align: left;\"><strong><em><u>Les lieux et cr\u00e9neaux APA Sant\u00e9 propos\u00e9s :<\/u><\/em><\/strong><\/h1>\n<h3 style=\"text-align: left;\">S\u00e9ances collectives \u00e0 Verdun :<\/h3>\n<ul>\n<li>au centre Holis&rsquo;team (11 rue Saint Louis) : les mercredis de 15h \u00e0 16h et les vendredis de 14h \u00e0 15h.<\/li>\n<li>au centre social et culturel Kergomard : les jeudis de 9h \u00e0 10h.<\/li>\n<li>\u00e0 la maison des association de la Danlie avec l&rsquo;association AFDOC Meuse : les mardis de 9h30 \u00e0 11h30.<\/li>\n<li>\u00e0 Damvillers\u00a0 \u00e0 la salle Ambroise Par\u00e9 : les mardis de 17h \u00e0 18h.<\/li>\n<\/ul>\n<h3>S\u00e9ances individuelles \u00e0 domicile en cas de n\u00e9cessit\u00e9 et de possibilit\u00e9.<\/h3>\n<p>&nbsp;<\/p>\n<p><img loading=\"lazy\" decoding=\"async\" class=\"size-medium wp-image-162 aligncenter\" src=\"https:\/\/equilibreencorps.com\/wp-content\/uploads\/2024\/04\/Photo-atelier-APA-300x225.jpg\" alt=\"\" width=\"300\" height=\"225\" srcset=\"https:\/\/equilibreencorps.com\/wp-content\/uploads\/2024\/04\/Photo-atelier-APA-300x225.jpg 300w, https:\/\/equilibreencorps.com\/wp-content\/uploads\/2024\/04\/Photo-atelier-APA-1024x768.jpg 1024w, https:\/\/equilibreencorps.com\/wp-content\/uploads\/2024\/04\/Photo-atelier-APA-768x576.jpg 768w, https:\/\/equilibreencorps.com\/wp-content\/uploads\/2024\/04\/Photo-atelier-APA-1536x1152.jpg 1536w, https:\/\/equilibreencorps.com\/wp-content\/uploads\/2024\/04\/Photo-atelier-APA-2048x1536.jpg 2048w, https:\/\/equilibreencorps.com\/wp-content\/uploads\/2024\/04\/Photo-atelier-APA-600x450.jpg 600w\" sizes=\"auto, (max-width: 300px) 100vw, 300px\" \/><\/p>\n<p>&nbsp;<\/p>\n<p><em>Dans diff\u00e9rents cadres :<\/em><\/p>\n<ul>\n<li>En milieu associatif (AFDOC\u2026), avec ou sans prescription<\/li>\n<li>En entreprise<\/li>\n<li>A domicile avec ou sans prescription<\/li>\n<li>Sur prescription m\u00e9dicale avec le programme Prescri&rsquo;Mouv grand-est\u00a0, financ\u00e9 par l&rsquo;ARS et le minist\u00e8re jeunesse et sport.<\/li>\n<\/ul>\n<p>&nbsp;<\/p>\n<p style=\"text-align: center;\"><img loading=\"lazy\" decoding=\"async\" class=\"alignnone wp-image-210\" src=\"https:\/\/equilibreencorps.com\/wp-content\/uploads\/2024\/04\/logo-APA-300x210.webp\" alt=\"\" width=\"189\" height=\"132\" srcset=\"https:\/\/equilibreencorps.com\/wp-content\/uploads\/2024\/04\/logo-APA-300x210.webp 300w, https:\/\/equilibreencorps.com\/wp-content\/uploads\/2024\/04\/logo-APA.webp 600w\" sizes=\"auto, (max-width: 189px) 100vw, 189px\" \/><\/p>\n<h1 style=\"text-align: left;\"><strong>Le public :\u00a0<\/strong><\/h1>\n<p style=\"text-align: left;\">Toutes cat\u00e9gories d&rsquo;\u00e2ge, enfants, adolescents, adultes, personnes vieillissantes&#8230;<\/p>\n<p>&nbsp;<\/p>\n<h1 style=\"text-align: left;\"><strong>Les Tarifs :<\/strong><\/h1>\n<p style=\"text-align: left;\">S\u00e9ance collective d&rsquo;1h\u00a0 : <strong>15 euros TTC<\/strong><\/p>\n<p style=\"text-align: left;\">S\u00e9ance individuelle d&rsquo;1h\u00a0 : <strong>25 euros TTC\u00a0<\/strong> avec des <em>frais de d\u00e9placement<\/em> en sus qui s&rsquo;\u00e9l\u00e8vent \u00e0 <strong><em>5 euros TTC par s\u00e9ance<\/em><\/strong>.<\/p>\n<p>&nbsp;<\/p>\n<h1 style=\"text-align: left;\"><strong><em><u>Les Partenaires :<\/u><\/em><\/strong><\/h1>\n<ul>\n<li>Presci&rsquo;mouv\u00a0 grand est\u00a0 \u00a0 \u00a0 \u00a0 \u00a0 \u00a0 \u00a0 \u00a0 \u00a0 \u00a0 \u00a0 \u00a0 \u00a0 \u00a0 \u00a0 <a href=\"https:\/\/www.prescrimouv-grandest.fr\/\">https:\/\/www.prescrimouv-grandest.fr\/<\/a><\/li>\n<li>Association \u00ab\u00a0AFDOC\u00a0\u00bb \u00a0 \u00a0 \u00a0 \u00a0 \u00a0 \u00a0 \u00a0 \u00a0 \u00a0 \u00a0 \u00a0 \u00a0 \u00a0 \u00a0 \u00a0 \u00a0 <a href=\"https:\/\/meuse.afdoc.fr\/nos-activites\">https:\/\/meuse.afdoc.fr\/nos-activites<\/a><\/li>\n<li>Holis&rsquo;team\u00a0 \u00a0 \u00a0 \u00a0 \u00a0 \u00a0 \u00a0 \u00a0 \u00a0 \u00a0 \u00a0 \u00a0 \u00a0 \u00a0 \u00a0 \u00a0 \u00a0 \u00a0 \u00a0 \u00a0 \u00a0 \u00a0 \u00a0 \u00a0 \u00a0<a href=\"https:\/\/www.facebook.com\/profile.php?id=61578239906532\">https:\/\/www.facebook.com\/profile.php?id=61578239906532<\/a><\/li>\n<li>Mission locale Verdun\u00a0 \u00a0 \u00a0 \u00a0 \u00a0 \u00a0 \u00a0 \u00a0 \u00a0 \u00a0 \u00a0 \u00a0 \u00a0 \u00a0 \u00a0 \u00a0<a href=\"https:\/\/www.mission-jeune.fr\/annuaire\/agence\/mission-locale-nord-meusien#google_vignette\">https:\/\/www.mission-jeune.fr\/annuaire\/agence\/mission-locale-nord-meusien#google_vignette<\/a><\/li>\n<li>Association \u00ab\u00a0Famille de France\u00a0\u00bb\u00a0 \u00a0 \u00a0 \u00a0 \u00a0 \u00a0 \u00a0 \u00a0\u00a0<a href=\"https:\/\/www.helloasso.com\/associations\/familles-de-france-verdun\">https:\/\/www.helloasso.com\/associations\/familles-de-france-verdun<\/a><\/li>\n<li>Centre social Kergomard \u00a0 \u00a0 \u00a0 \u00a0 \u00a0 \u00a0 \u00a0 \u00a0 \u00a0 \u00a0 \u00a0 \u00a0 \u00a0\u00a0<a href=\"https:\/\/csckergomard.toutmoncentre.fr\/pages\/6941003\">https:\/\/csckergomard.toutmoncentre.fr\/pages\/6941003<\/a><\/li>\n<\/ul>\n<p>&nbsp;<\/p>\n\n","protected":false},"excerpt":{"rendered":"<p>Les Activit\u00e9s Physiques Adapt\u00e9es Sant\u00e9 APAS Pr\u00e9sentation des APAS Les Activit\u00e9s Physiques Adapt\u00e9es Sant\u00e9 sont un pr\u00e9texte pour atteindre des objectifs de sant\u00e9 au quotidien souvent fix\u00e9s par un m\u00e9decin (l&rsquo;\u00e9quilibre, le sch\u00e9ma de marche, l&rsquo;endurance, la force musculaire, la sociabilisation&#8230;) Pratiquer des APAS, c&rsquo;est : Se familiariser avec des exercices appropri\u00e9s \u00e0 sa propre &hellip;<\/p>\n","protected":false},"author":1,"featured_media":0,"parent":0,"menu_order":0,"comment_status":"closed","ping_status":"closed","template":"","meta":{"footnotes":""},"class_list":["post-15","page","type-page","status-publish","hentry"],"_links":{"self":[{"href":"https:\/\/equilibreencorps.com\/index.php\/wp-json\/wp\/v2\/pages\/15","targetHints":{"allow":["GET"]}}],"collection":[{"href":"https:\/\/equilibreencorps.com\/index.php\/wp-json\/wp\/v2\/pages"}],"about":[{"href":"https:\/\/equilibreencorps.com\/index.php\/wp-json\/wp\/v2\/types\/page"}],"author":[{"embeddable":true,"href":"https:\/\/equilibreencorps.com\/index.php\/wp-json\/wp\/v2\/users\/1"}],"replies":[{"embeddable":true,"href":"https:\/\/equilibreencorps.com\/index.php\/wp-json\/wp\/v2\/comments?post=15"}],"version-history":[{"count":31,"href":"https:\/\/equilibreencorps.com\/index.php\/wp-json\/wp\/v2\/pages\/15\/revisions"}],"predecessor-version":[{"id":644,"href":"https:\/\/equilibreencorps.com\/index.php\/wp-json\/wp\/v2\/pages\/15\/revisions\/644"}],"wp:attachment":[{"href":"https:\/\/equilibreencorps.com\/index.php\/wp-json\/wp\/v2\/media?parent=15"}],"curies":[{"name":"wp","href":"https:\/\/api.w.org\/{rel}","templated":true}]}}