{"id":3,"date":"2023-04-19T19:08:36","date_gmt":"2023-04-19T17:08:36","guid":{"rendered":"http:\/\/equilibreencorps.com\/?page_id=3"},"modified":"2025-10-04T15:37:34","modified_gmt":"2025-10-04T13:37:34","slug":"politique-de-confidentialite","status":"publish","type":"page","link":"https:\/\/equilibreencorps.com\/index.php\/politique-de-confidentialite\/","title":{"rendered":"Politique de confidentialit\u00e9"},"content":{"rendered":"<p style=\"text-align: center;\"><strong>POLITIQUE DE CONFIDENTIALIT\u00c9<\/strong><\/p>\n<p>&nbsp;<\/p>\n<p style=\"text-align: left;\">Dans le cadre de l&rsquo;exploitation du site equilibreencorps.com, nous sommes amen\u00e9s \u00e0 collecter des informations et donn\u00e9es personnelles vous concernant.<\/p>\n<p style=\"text-align: left;\">La pr\u00e9sente politique de confidentialit\u00e9 a pour but de vous informer sur la mani\u00e8re dont nous collectons et traitons ces informations et donn\u00e9es, ainsi que sur vos droits en la mati\u00e8re.<\/p>\n<p style=\"text-align: left;\">Nous nous engageons \u00e0 mettre en \u0153uvre un traitement de ces informations et donn\u00e9es respectueux de votre vie priv\u00e9e et conforme \u00e0 la l\u00e9gislation en vigueur en France et en Europe. Par ailleurs, nous utilisons des mesures techniques ou organisationnelles appropri\u00e9es pour assurer la s\u00e9curit\u00e9 de vos informations, notamment contre le traitement non autoris\u00e9 ou illicite, la perte, la destruction ou les d\u00e9g\u00e2ts d&rsquo;origine accidentelle, ou l&rsquo;acc\u00e8s par des personnes non autoris\u00e9es.<\/p>\n<p>&nbsp;<\/p>\n<p style=\"text-align: center;\"><strong>Qui est responsable de vos informations\u00a0?<\/strong><\/p>\n<p>&nbsp;<\/p>\n<p style=\"text-align: left;\">Le responsable de traitement de vos donn\u00e9es personnelles est Aline CONTAUX Entrepreneure Individuelle, dont le si\u00e8ge est situ\u00e9 11 rue Saint Louis &#8211; 55100 Verdun, immatricul\u00e9 sous le num\u00e9ro 949656706.<\/p>\n<p>&nbsp;<\/p>\n<p style=\"text-align: center;\"><strong>Quels sont les types d&rsquo;informations collect\u00e9es\u00a0?<\/strong><\/p>\n<p>&nbsp;<\/p>\n<p style=\"text-align: left;\">Nous collectons les informations relatives \u00e0 votre identit\u00e9<\/p>\n<ul style=\"text-align: left;\">\n<li>pr\u00e9nom, nom, mail, t\u00e9moignage,<\/li>\n<\/ul>\n<p style=\"text-align: left;\">que vous acceptez de nous communiquer lorsque\u00a0:<\/p>\n<ul style=\"text-align: left;\">\n<li>vous renseignez le formulaire de contact sur le site,<\/li>\n<li>vous d\u00e9posez un t\u00e9moignage,<\/li>\n<li>nous reportons votre t\u00e9moignage,<\/li>\n<li>ou lorsque vous nous contactez directement.<\/li>\n<\/ul>\n<p style=\"text-align: left;\">Le caract\u00e8re obligatoire des informations \u00e0 fournir est indiqu\u00e9 par un ast\u00e9risque.<\/p>\n<p>&nbsp;<\/p>\n<p style=\"text-align: center;\"><strong>Pourquoi vos informations sont-elles collect\u00e9es\u00a0?<\/strong><\/p>\n<p>&nbsp;<\/p>\n<p>Nous conservons et utilisons vos informations uniquement dans le cadre pr\u00e9vu par la r\u00e8glementation et pour une dur\u00e9e limit\u00e9e aux objectifs indiqu\u00e9s lors de la collecte.<\/p>\n<p>&nbsp;<\/p>\n<p style=\"text-align: center;\"><strong>\u00c0 qui vos informations sont-elles transmises\u00a0?<\/strong><\/p>\n<p>&nbsp;<\/p>\n<p>Vos informations sont utilis\u00e9es par nos services en interne. Tout acc\u00e8s \u00e0 vos donn\u00e9es personnelles est soumis \u00e0 un engagement de confidentialit\u00e9.<\/p>\n<p>Elles sont \u00e9galement susceptibles d&rsquo;\u00eatre transmises \u00e0 nos sous-traitants charg\u00e9s des prestations techniques n\u00e9cessaires au fonctionnement du site\u00a0: prestataires de services informatiques (h\u00e9bergement, maintenance&#8230;), agences de conseil en statistiques et communication.<\/p>\n<p>La transmission de vos informations s&rsquo;effectue toujours sur la base de contrat mentionnant la r\u00e9glementation et les obligations applicables en mati\u00e8re de protection des donn\u00e9es personnelles.<\/p>\n<p>Vos donn\u00e9es sont susceptibles de faire l&rsquo;objet d&rsquo;un transfert vers des pays situ\u00e9s hors de l&rsquo;Union europ\u00e9enne. Dans ce cas, nous garantissons que ces donn\u00e9es font l&rsquo;objet d&rsquo;une protection substantiellement \u00e9quivalente \u00e0 celle garantie dans l&rsquo;Union europ\u00e9enne, soit en vertu d&rsquo;une d\u00e9cision d&rsquo;ad\u00e9quation rendue par la Commission europ\u00e9enne, soit par la mise en place de toutes les mesures adapt\u00e9es, notamment par le recours aux clauses contractuelles types de la Commission europ\u00e9enne. Vous pouvez demander plus d&rsquo;information sur ces garanties appropri\u00e9es aux coordonn\u00e9es indiqu\u00e9es ci-apr\u00e8s.<\/p>\n<p>&nbsp;<\/p>\n<p style=\"text-align: center;\"><strong>\u00c0 propos des cookies<\/strong><\/p>\n<p>&nbsp;<\/p>\n<p>Lorsque vous consultez un site, des fichiers cookies ou traceurs sont susceptibles d&rsquo;\u00eatre enregistr\u00e9s sur votre ordinateur, votre mobile ou votre tablette. Les cookies permettent d\u2019offrir au visiteur une meilleure navigation et d&rsquo;am\u00e9liorer son exp\u00e9rience sur le site.<\/p>\n<p>Vous pouvez limiter l&rsquo;utilisation des cookies dans les param\u00e8tres de votre navigateur ou en utilisant la navigation priv\u00e9e, ou effacer les cookies d\u00e9pos\u00e9s par les sites web sur votre appareil.<\/p>\n<p>Vous trouverez plus d&rsquo;informations sur les cookies et leur fonctionnement sur la page suivante\u00a0: https:\/\/allaboutcookies.org\/fr.<\/p>\n<p>Nous vous informons que notre site n\u2019utilise que des cookies strictement n\u00e9cessaires \u00e0 son fonctionnement.<\/p>\n<p>&nbsp;<\/p>\n<p style=\"text-align: center;\"><strong>Quels sont vos droits\u00a0?<\/strong><\/p>\n<p>&nbsp;<\/p>\n<p>Vous pouvez acc\u00e9der aux informations vous concernant, les rectifier, demander leur effacement ou exercer votre droit \u00e0 la limitation du traitement de vos informations.<\/p>\n<p>Vous pouvez \u00e9galement vous opposer au traitement de vos informations, pour des raisons tenant \u00e0 votre situation particuli\u00e8re, sauf en cas de prospection commerciale, \u00e0 laquelle vous pouvez vous opposer sans avoir \u00e0 fournir de justification.<\/p>\n<p>Vous pouvez retirer \u00e0 tout moment votre consentement, sans porter atteinte \u00e0 la lic\u00e9it\u00e9 du traitement fond\u00e9 sur le consentement effectu\u00e9 avant le retrait de celui-ci.<\/p>\n<p>Vous disposez d&rsquo;un droit \u00e0 la portabilit\u00e9 de vos donn\u00e9es.<\/p>\n<p>Vous pouvez \u00e9mettre des directives concernant la conservation, la suppression ou la communication de vos donn\u00e9es personnelles apr\u00e8s votre d\u00e9c\u00e8s.<\/p>\n<p>Pour exercer vos droits ou pour toute question sur le traitement de vos informations, vous pouvez nous contacter aux coordonn\u00e9es suivantes\u00a0:<\/p>\n<ul>\n<li>Aline CONTAUX EI<\/li>\n<li>11 rue Saint Louis &#8211; 55100 Verdun<\/li>\n<li>T\u00e9l\u00e9phone\u00a0: 0608938721<\/li>\n<li>Courriel\u00a0: contact@equilibreencorps.com<\/li>\n<\/ul>\n<p>Enfin, vous avez la possibilit\u00e9 d&rsquo;effectuer une r\u00e9clamation aupr\u00e8s de la CNIL, sur son site internet (www.cnil.fr) ou par voie postale (CNIL &#8211; Service des Plaintes &#8211; 3 Place de Fontenoy &#8211; TSA 80715 &#8211; 75334 PARIS CEDEX 07).<\/p>\n","protected":false},"excerpt":{"rendered":"<p>POLITIQUE DE CONFIDENTIALIT\u00c9 &nbsp; Dans le cadre de l&rsquo;exploitation du site equilibreencorps.com, nous sommes amen\u00e9s \u00e0 collecter des informations et donn\u00e9es personnelles vous concernant. La pr\u00e9sente politique de confidentialit\u00e9 a pour but de vous informer sur la mani\u00e8re dont nous collectons et traitons ces informations et donn\u00e9es, ainsi que sur vos droits en la mati\u00e8re. &hellip;<\/p>\n","protected":false},"author":1,"featured_media":0,"parent":0,"menu_order":0,"comment_status":"closed","ping_status":"closed","template":"","meta":{"footnotes":""},"class_list":["post-3","page","type-page","status-publish","hentry"],"_links":{"self":[{"href":"https:\/\/equilibreencorps.com\/index.php\/wp-json\/wp\/v2\/pages\/3","targetHints":{"allow":["GET"]}}],"collection":[{"href":"https:\/\/equilibreencorps.com\/index.php\/wp-json\/wp\/v2\/pages"}],"about":[{"href":"https:\/\/equilibreencorps.com\/index.php\/wp-json\/wp\/v2\/types\/page"}],"author":[{"embeddable":true,"href":"https:\/\/equilibreencorps.com\/index.php\/wp-json\/wp\/v2\/users\/1"}],"replies":[{"embeddable":true,"href":"https:\/\/equilibreencorps.com\/index.php\/wp-json\/wp\/v2\/comments?post=3"}],"version-history":[{"count":11,"href":"https:\/\/equilibreencorps.com\/index.php\/wp-json\/wp\/v2\/pages\/3\/revisions"}],"predecessor-version":[{"id":592,"href":"https:\/\/equilibreencorps.com\/index.php\/wp-json\/wp\/v2\/pages\/3\/revisions\/592"}],"wp:attachment":[{"href":"https:\/\/equilibreencorps.com\/index.php\/wp-json\/wp\/v2\/media?parent=3"}],"curies":[{"name":"wp","href":"https:\/\/api.w.org\/{rel}","templated":true}]}}